{"id":1300,"date":"2025-05-14T12:40:23","date_gmt":"2025-05-14T10:40:23","guid":{"rendered":"https:\/\/www.nivagelato.com\/?page_id=1300"},"modified":"2025-12-02T15:08:32","modified_gmt":"2025-12-02T14:08:32","slug":"storia","status":"publish","type":"page","link":"https:\/\/www.nivagelato.com\/fr\/storia\/","title":{"rendered":"Histoire"},"content":{"rendered":"<section class=\"l-section wpb_row us_custom_555b0c8e heading-header height_medium with_img parallax_fixed\"><div class=\"l-section-img\" role=\"img\" aria-label=\"Image\" data-img-width=\"2560\" data-img-height=\"1707\" style=\"background-image: url(https:\/\/www.nivagelato.com\/wp-content\/uploads\/2025\/11\/pexels-gsn-travel-28708294-scaled.jpg);background-position: top center;background-repeat: no-repeat;\"><\/div><div class=\"l-section-h i-cf\"><div class=\"g-cols vc_row via_flex valign_top type_default stacking_default\"><div class=\"vc_col-sm-12 wpb_column vc_column_container\"><div class=\"vc_column-inner\"><div class=\"wpb_wrapper\"><div class=\"wpb_text_column\"><div class=\"wpb_wrapper\"><h1>Niv\u00e0<\/h1>\n<\/div><\/div><\/div><\/div><\/div><\/div><\/div><\/section><section class=\"l-section wpb_row height_medium\"><div class=\"l-section-h i-cf\"><div class=\"g-cols vc_row via_flex valign_top type_default stacking_default\"><div class=\"vc_col-sm-12 wpb_column vc_column_container\"><div class=\"vc_column-inner us_custom_eb849559\"><div class=\"wpb_wrapper\"><div class=\"wpb_text_column us_custom_5310f79f\"><div class=\"wpb_wrapper\"><h2>Une histoire de famille, de passion et de go\u00fbt<\/h2>\n<p>Chez Niv\u00e0, la glace est bien plus qu&rsquo;un simple dessert\u00a0: c&rsquo;est un art, une histoire racont\u00e9e \u00e0 travers des ingr\u00e9dients authentiques, des gestes pr\u00e9cis et une v\u00e9ritable passion. Nous croyons en l&rsquo;excellence artisanale, fruit du souci du d\u00e9tail, d&rsquo;une s\u00e9lection rigoureuse des mati\u00e8res premi\u00e8res et du respect du rythme naturel de chaque processus.<br \/>\nChaque parfum est un \u00e9quilibre parfait entre tradition et cr\u00e9ativit\u00e9, o\u00f9 la simplicit\u00e9 des ingr\u00e9dients rencontre le style et l&rsquo;\u00e9l\u00e9gance d&rsquo;une signature unique. Offrir une exp\u00e9rience gustative authentique, raffin\u00e9e et sinc\u00e8re est notre philosophie, chaque jour, dans chaque glacier Niv\u00e0.<\/p>\n<\/div><\/div><\/div><\/div><\/div><\/div><\/div><\/section><section class=\"l-section wpb_row us_custom_b03640aa height_medium\"><div class=\"l-section-h i-cf\"><div class=\"g-cols vc_row via_flex valign_top type_default stacking_default\"><div class=\"vc_col-sm-12 wpb_column vc_column_container\"><div class=\"vc_column-inner\"><div class=\"wpb_wrapper\"><div class=\"w-video niva-videos niva-videos-custom-play align_none ratio_16x9 has_iframe\"><div class=\"w-video-h\"><iframe title=\"Youtube video player\" src=\"\/\/www.youtube.com\/embed\/kUWebyTCc_w?autoplay=1&controls=1&origin=https:\/\/www.nivagelato.com\/fr\/&loop=0&mute=0\" allowfullscreen=\"1\" loading=\"lazy\"><\/iframe><\/div><\/div><\/div><\/div><\/div><\/div><\/div><\/section><section class=\"l-section wpb_row row-center section-history hide-mobile height_medium\"><div class=\"l-section-h i-cf\"><div class=\"g-cols vc_row via_flex valign_top type_default stacking_default\"><div class=\"vc_col-sm-12 wpb_column vc_column_container column-flex-end section-history-col\"><div class=\"vc_column-inner us_custom_bb0c2132\"><div class=\"wpb_wrapper\"><div class=\"g-cols wpb_row via_flex valign_top type_default stacking_default\"><div class=\"vc_col-sm-6 wpb_column vc_column_container single-container-timeline custom-animation\"><div class=\"vc_column-inner us_custom_a518f36e us_animate_this\"><div class=\"wpb_wrapper\"><div class=\"wpb_text_column single-container-timeline\"><div class=\"wpb_wrapper\"><p>L&rsquo;histoire de Niv\u00e0 a commenc\u00e9 il y a plus de trente ans, dans les cuisines du restaurant Bontan, o\u00f9 Diana et son mari, Silvio, talentueux chef \u00e9toil\u00e9 Michelin, ont cr\u00e9\u00e9 un lieu o\u00f9 qualit\u00e9 et cr\u00e9ativit\u00e9 se mariaient dans chaque plat. Chaque d\u00e9tail comptait, chaque ingr\u00e9dient racontait une histoire et la passion de la cuisine \u00e9tait au c\u0153ur de chaque pr\u00e9paration.<\/p>\n<\/div><\/div><\/div><\/div><\/div><div class=\"vc_col-sm-6 wpb_column vc_column_container col-decoration custom-animation\"><div class=\"vc_column-inner us_custom_19113836 us_animate_this\"><div class=\"wpb_wrapper\">[vc_single_image image=\u00a0\u00bb1423&Prime; img_size=\u00a0\u00bb700px\u00a0\u00bb alignment=\u00a0\u00bbright\u00a0\u00bb css=\u00a0\u00bb\u00a0\u00bb el_class=\u00a0\u00bbsingle-container-timeline\u00a0\u00bb]<\/div><\/div><\/div><\/div><div class=\"g-cols wpb_row via_flex valign_top type_default stacking_default\"><div class=\"vc_col-sm-6 wpb_column vc_column_container custom-animation\"><div class=\"vc_column-inner us_custom_19113836 us_animate_this\"><div class=\"wpb_wrapper\">[vc_single_image image=\u00a0\u00bb1427&Prime; img_size=\u00a0\u00bb700px\u00a0\u00bb css=\u00a0\u00bb\u00a0\u00bb el_class=\u00a0\u00bbsingle-container-timeline\u00a0\u00bb]<\/div><\/div><\/div><div class=\"vc_col-sm-6 wpb_column vc_column_container col-decoration custom-animation\"><div class=\"vc_column-inner us_custom_a518f36e us_animate_this\"><div class=\"wpb_wrapper\"><div class=\"wpb_text_column single-container-timeline\"><div class=\"wpb_wrapper\"><p>Vingt ans plus tard, Diana a d\u00e9cid\u00e9 de perp\u00e9tuer cet h\u00e9ritage d&rsquo;amour pour la cuisine et les choses bien faites. C&rsquo;est ainsi qu&rsquo;est n\u00e9 Niv\u00e0, un projet alliant tradition gastronomique italienne et vision moderne de la glace artisanale\u00a0: authentique, raffin\u00e9e et capable de raconter une histoire \u00e0 chaque bouch\u00e9e.<\/p>\n<\/div><\/div><\/div><\/div><\/div><\/div><div class=\"g-cols wpb_row via_flex valign_top type_default stacking_default\"><div class=\"vc_col-sm-6 wpb_column vc_column_container custom-animation\"><div class=\"vc_column-inner us_custom_a518f36e us_animate_this\"><div class=\"wpb_wrapper\"><div class=\"wpb_text_column single-container-timeline\"><div class=\"wpb_wrapper\"><p>Aux c\u00f4t\u00e9s de Diana, Roberto, pharmacien de formation et perfectionniste par nature, a mis son exp\u00e9rience et ses connaissances au service de recettes pr\u00e9cises et impeccables, o\u00f9 chaque ingr\u00e9dient est soigneusement s\u00e9lectionn\u00e9 et chaque \u00e9quilibre minutieusement travaill\u00e9. Ils sont second\u00e9s par Sara, la s\u0153ur de Diana, et Eugenio, le fr\u00e8re de Roberto, qui ont contribu\u00e9 \u00e0 faire de Niv\u00e0 une v\u00e9ritable entreprise familiale, o\u00f9 chacun apporte son talent et sa vision.<\/p>\n<\/div><\/div><\/div><\/div><\/div><div class=\"vc_col-sm-6 wpb_column vc_column_container col-decoration custom-animation\"><div class=\"vc_column-inner us_custom_19113836 us_animate_this\"><div class=\"wpb_wrapper\">[vc_single_image image=\u00a0\u00bb542&Prime; img_size=\u00a0\u00bb700px\u00a0\u00bb alignment=\u00a0\u00bbcenter\u00a0\u00bb css=\u00a0\u00bb\u00a0\u00bb el_class=\u00a0\u00bbsingle-container-timeline\u00a0\u00bb]<\/div><\/div><\/div><\/div><div class=\"g-cols wpb_row via_flex valign_top type_default stacking_default\"><div class=\"vc_col-sm-6 wpb_column vc_column_container custom-animation\"><div class=\"vc_column-inner us_custom_19113836 us_animate_this\"><div class=\"wpb_wrapper\">[vc_single_image image=\u00a0\u00bb2850&Prime; img_size=\u00a0\u00bb700px\u00a0\u00bb alignment=\u00a0\u00bbcenter\u00a0\u00bb css=\u00a0\u00bb\u00a0\u00bb el_class=\u00a0\u00bbsingle-container-timeline\u00a0\u00bb]<\/div><\/div><\/div><div class=\"vc_col-sm-6 wpb_column vc_column_container col-decoration custom-animation\"><div class=\"vc_column-inner us_custom_a518f36e us_animate_this\"><div class=\"wpb_wrapper\"><div class=\"wpb_text_column single-container-timeline\"><div class=\"wpb_wrapper\"><p>En 2018, Niv\u00e0 est devenu l&rsquo;un des Maestro Del Gusto de la r\u00e9gion du Pi\u00e9mont et le restera pendant toutes les ann\u00e9es suivantes, confirmant le r\u00f4le prestigieux qu&rsquo;il occupe dans l&rsquo;artisanat.<\/p>\n<\/div><\/div><\/div><\/div><\/div><\/div><div class=\"g-cols wpb_row via_flex valign_top type_default stacking_default\"><div class=\"vc_col-sm-6 wpb_column vc_column_container custom-animation\"><div class=\"vc_column-inner us_custom_a518f36e us_animate_this\"><div class=\"wpb_wrapper\"><div class=\"wpb_text_column single-container-timeline\"><div class=\"wpb_wrapper\"><p>En 2021, Alexandre, Joana et Carlos ont rejoint le projet. Ce trio, fort d&rsquo;une vaste exp\u00e9rience en marketing et en ing\u00e9nierie et d&rsquo;une grande passion pour la glace, \u00e9tait pr\u00e9sent. La m\u00eame ann\u00e9e, Niv\u00e0 a re\u00e7u le premier prix Gambero Rosso, la plus haute distinction mondiale dans le secteur de la glace, une distinction qu&rsquo;elle conservera les ann\u00e9es suivantes.<\/p>\n<\/div><\/div><\/div><\/div><\/div><div class=\"vc_col-sm-6 wpb_column vc_column_container col-decoration custom-animation\"><div class=\"vc_column-inner us_custom_19113836 us_animate_this\"><div class=\"wpb_wrapper\">[vc_single_image image=\u00a0\u00bb2352&Prime; img_size=\u00a0\u00bb700px\u00a0\u00bb alignment=\u00a0\u00bbcenter\u00a0\u00bb css=\u00a0\u00bb\u00a0\u00bb el_class=\u00a0\u00bbsingle-container-timeline\u00a0\u00bb]<\/div><\/div><\/div><\/div><div class=\"g-cols wpb_row via_flex valign_top type_default stacking_default\"><div class=\"vc_col-sm-6 wpb_column vc_column_container custom-animation\"><div class=\"vc_column-inner us_custom_19113836 us_animate_this\"><div class=\"wpb_wrapper\">[vc_single_image image=\u00a0\u00bb1434&Prime; img_size=\u00a0\u00bb700px\u00a0\u00bb alignment=\u00a0\u00bbcenter\u00a0\u00bb css=\u00a0\u00bb\u00a0\u00bb el_class=\u00a0\u00bbsingle-container-timeline\u00a0\u00bb]<\/div><\/div><\/div><div class=\"vc_col-sm-6 wpb_column vc_column_container col-decoration custom-animation\"><div class=\"vc_column-inner us_custom_a518f36e us_animate_this\"><div class=\"wpb_wrapper\"><div class=\"wpb_text_column single-container-timeline\"><div class=\"wpb_wrapper\"><p>Au fil du temps, Niv\u00e0 s&rsquo;est d\u00e9velopp\u00e9, de son premier glacier \u00e0 Turin, ouvert en 2015, \u00e0 ses \u00e9l\u00e9gantes boutiques \u00e0 Cannes, Lisbonne et Porto.<br \/>\nAujourd&rsquo;hui, les nouvelles g\u00e9n\u00e9rations perp\u00e9tuent cet h\u00e9ritage avec enthousiasme et passion, alliant tradition et modernit\u00e9, savoir-faire artisanal et cr\u00e9ativit\u00e9 contemporaine.<\/p>\n<\/div><\/div><\/div><\/div><\/div><\/div><div class=\"g-cols wpb_row via_flex valign_top type_default stacking_default\"><div class=\"vc_col-sm-6 wpb_column vc_column_container custom-animation\"><div class=\"vc_column-inner us_custom_a518f36e us_animate_this\"><div class=\"wpb_wrapper\"><div class=\"wpb_text_column single-container-timeline\"><div class=\"wpb_wrapper\"><p>Gr\u00e2ce au succ\u00e8s grandissant de Niv\u00e0 \u00e0 Porto, port\u00e9 par l&rsquo;enthousiasme de sa client\u00e8le, la multiplication des \u00e9v\u00e9nements et les collaborations qui ont fa\u00e7onn\u00e9 la sc\u00e8ne gastronomique de la ville, 2026 sera une ann\u00e9e exceptionnelle. Apr\u00e8s avoir conquis Bolh\u00e3o, Matosinhos et le Time Out Market, la marque franchit une nouvelle \u00e9tape logique dans son histoire\u00a0: l&rsquo;ouverture de son quatri\u00e8me point de vente, pr\u00e9cis\u00e9ment dans le quartier de Ribeira, l&rsquo;un des plus embl\u00e9matiques et dynamiques de Porto.<\/p>\n<\/div><\/div><\/div><\/div><\/div><div class=\"vc_col-sm-6 wpb_column vc_column_container col-decoration custom-animation\"><div class=\"vc_column-inner us_custom_9b957c09 us_animate_this\"><div class=\"wpb_wrapper\">[vc_single_image image=\u00a0\u00bb1639&Prime; img_size=\u00a0\u00bb700px\u00a0\u00bb alignment=\u00a0\u00bbright\u00a0\u00bb css=\u00a0\u00bb\u00a0\u00bb el_class=\u00a0\u00bbsingle-container-timeline\u00a0\u00bb]<\/div><\/div><\/div><\/div><\/div><\/div><\/div><\/div><\/div><\/section><section class=\"l-section wpb_row row-center section-history show-mobile height_medium\"><div class=\"l-section-h i-cf\"><div class=\"g-cols vc_row via_flex valign_top type_default stacking_default\"><div class=\"vc_col-sm-12 wpb_column vc_column_container column-flex-end section-history-col\"><div class=\"vc_column-inner us_custom_8830be7d\"><div class=\"wpb_wrapper\"><div class=\"g-cols wpb_row via_flex valign_top type_default stacking_default\"><div class=\"vc_col-sm-12 wpb_column vc_column_container single-container-timeline\"><div class=\"vc_column-inner\"><div class=\"wpb_wrapper\"><div class=\"wpb_text_column single-container-timeline col-decoration\"><div class=\"wpb_wrapper\"><p>L&rsquo;histoire de Niv\u00e0 a commenc\u00e9 il y a plus de trente ans, dans les cuisines du restaurant Bontan, o\u00f9 Diana et son mari, Silvio, talentueux chef \u00e9toil\u00e9 Michelin, ont cr\u00e9\u00e9 un lieu o\u00f9 qualit\u00e9 et cr\u00e9ativit\u00e9 se mariaient dans chaque plat. Chaque d\u00e9tail comptait, chaque ingr\u00e9dient racontait une histoire et la passion de la cuisine \u00e9tait au c\u0153ur de chaque pr\u00e9paration.<\/p>\n<\/div><\/div>[vc_single_image image=\u00a0\u00bb1423&Prime; img_size=\u00a0\u00bb358px\u00a0\u00bb alignment=\u00a0\u00bbright\u00a0\u00bb css=\u00a0\u00bb\u00a0\u00bb el_class=\u00a0\u00bbsingle-container-timeline\u00a0\u00bb]<\/div><\/div><\/div><\/div><div class=\"g-cols wpb_row via_flex valign_top type_default stacking_default\"><div class=\"vc_col-sm-12 wpb_column vc_column_container\"><div class=\"vc_column-inner\"><div class=\"wpb_wrapper\"><div class=\"wpb_text_column single-container-timeline col-decoration\"><div class=\"wpb_wrapper\"><p>Vingt ans plus tard, Diana a d\u00e9cid\u00e9 de perp\u00e9tuer cet h\u00e9ritage d&rsquo;amour pour la cuisine et les choses bien faites. C&rsquo;est ainsi qu&rsquo;est n\u00e9 Niv\u00e0, un projet alliant tradition gastronomique italienne et vision moderne de la glace artisanale\u00a0: authentique, raffin\u00e9e et capable de raconter une histoire \u00e0 chaque bouch\u00e9e.<\/p>\n<\/div><\/div>[vc_single_image image=\u00a0\u00bb1427&Prime; img_size=\u00a0\u00bb358px\u00a0\u00bb css=\u00a0\u00bb\u00a0\u00bb el_class=\u00a0\u00bbsingle-container-timeline\u00a0\u00bb]<\/div><\/div><\/div><\/div><div class=\"g-cols wpb_row via_flex valign_top type_default stacking_default\"><div class=\"vc_col-sm-12 wpb_column vc_column_container\"><div class=\"vc_column-inner\"><div class=\"wpb_wrapper\"><div class=\"wpb_text_column single-container-timeline col-decoration\"><div class=\"wpb_wrapper\"><p>Aux c\u00f4t\u00e9s de Diana, Roberto, pharmacien de formation et perfectionniste par nature, a mis son exp\u00e9rience et ses connaissances au service de recettes pr\u00e9cises et impeccables, o\u00f9 chaque ingr\u00e9dient est soigneusement s\u00e9lectionn\u00e9 et chaque \u00e9quilibre minutieusement travaill\u00e9. Ils sont second\u00e9s par Sara, la s\u0153ur de Diana, et Eugenio, le fr\u00e8re de Roberto, qui ont contribu\u00e9 \u00e0 faire de Niv\u00e0 une v\u00e9ritable entreprise familiale, o\u00f9 chacun apporte son talent et sa vision.<\/p>\n<\/div><\/div>[vc_single_image image=\u00a0\u00bb542&Prime; img_size=\u00a0\u00bb358px\u00a0\u00bb alignment=\u00a0\u00bbcenter\u00a0\u00bb css=\u00a0\u00bb\u00a0\u00bb el_class=\u00a0\u00bbsingle-container-timeline\u00a0\u00bb]<\/div><\/div><\/div><\/div><div class=\"g-cols wpb_row via_flex valign_top type_default stacking_default\"><div class=\"vc_col-sm-12 wpb_column vc_column_container\"><div class=\"vc_column-inner\"><div class=\"wpb_wrapper\"><div class=\"wpb_text_column single-container-timeline col-decoration\"><div class=\"wpb_wrapper\"><p>En 2018, Niv\u00e0 est devenu l&rsquo;un des Maestro Del Gusto de la r\u00e9gion du Pi\u00e9mont et le restera pendant toutes les ann\u00e9es suivantes, confirmant le r\u00f4le prestigieux qu&rsquo;il occupe dans l&rsquo;artisanat.<\/p>\n<\/div><\/div>[vc_single_image image=\u00a0\u00bb2850&Prime; img_size=\u00a0\u00bb900px\u00a0\u00bb alignment=\u00a0\u00bbcenter\u00a0\u00bb css=\u00a0\u00bb\u00a0\u00bb el_class=\u00a0\u00bbsingle-container-timeline\u00a0\u00bb]<\/div><\/div><\/div><\/div><div class=\"g-cols wpb_row via_flex valign_top type_default stacking_default\"><div class=\"vc_col-sm-12 wpb_column vc_column_container\"><div class=\"vc_column-inner\"><div class=\"wpb_wrapper\"><div class=\"wpb_text_column single-container-timeline col-decoration\"><div class=\"wpb_wrapper\"><p>En 2021, Alexandre, Joana et Carlos ont rejoint le projet. Ce trio, fort d&rsquo;une vaste exp\u00e9rience en marketing et en ing\u00e9nierie et d&rsquo;une grande passion pour la glace, \u00e9tait pr\u00e9sent. La m\u00eame ann\u00e9e, Niv\u00e0 a re\u00e7u le 3e prix Coni Gambero Rossi, la plus haute distinction mondiale dans le secteur de la glace, une distinction qu&rsquo;elle conservera les ann\u00e9es suivantes.<\/p>\n<\/div><\/div>[vc_single_image image=\u00a0\u00bb2352&Prime; img_size=\u00a0\u00bb358px\u00a0\u00bb alignment=\u00a0\u00bbcenter\u00a0\u00bb css=\u00a0\u00bb\u00a0\u00bb el_class=\u00a0\u00bbsingle-container-timeline\u00a0\u00bb]<\/div><\/div><\/div><\/div><div class=\"g-cols wpb_row via_flex valign_top type_default stacking_default\"><div class=\"vc_col-sm-12 wpb_column vc_column_container\"><div class=\"vc_column-inner\"><div class=\"wpb_wrapper\"><div class=\"wpb_text_column single-container-timeline col-decoration\"><div class=\"wpb_wrapper\"><p>Au fil du temps, Niv\u00e0 s&rsquo;est d\u00e9velopp\u00e9, de sa premi\u00e8re boutique \u00e0 Turin, ouverte en 2015, \u00e0 ses \u00e9l\u00e9gantes boutiques \u00e0 Cannes, Lisbonne et Porto. Aujourd&rsquo;hui, les nouvelles g\u00e9n\u00e9rations, perp\u00e9tuent cet h\u00e9ritage avec enthousiasme et passion, alliant tradition et modernit\u00e9, savoir-faire artisanal et cr\u00e9ativit\u00e9 contemporaine.<\/p>\n<\/div><\/div>[vc_single_image image=\u00a0\u00bb1434&Prime; img_size=\u00a0\u00bb358px\u00a0\u00bb alignment=\u00a0\u00bbcenter\u00a0\u00bb css=\u00a0\u00bb\u00a0\u00bb el_class=\u00a0\u00bbsingle-container-timeline\u00a0\u00bb]<\/div><\/div><\/div><\/div><div class=\"g-cols wpb_row via_flex valign_top type_default stacking_default\"><div class=\"vc_col-sm-12 wpb_column vc_column_container\"><div class=\"vc_column-inner\"><div class=\"wpb_wrapper\"><div class=\"wpb_text_column single-container-timeline col-decoration\"><div class=\"wpb_wrapper\"><p>Gr\u00e2ce au succ\u00e8s grandissant de Niv\u00e0 \u00e0 Porto, port\u00e9 par l&rsquo;enthousiasme de sa client\u00e8le, la multiplication des \u00e9v\u00e9nements et les collaborations qui ont fa\u00e7onn\u00e9 la sc\u00e8ne gastronomique de la ville, 2026 sera une ann\u00e9e exceptionnelle. Apr\u00e8s avoir conquis Bolh\u00e3o, Matosinhos et le Time Out Market, la marque franchit une nouvelle \u00e9tape logique dans son histoire\u00a0: l&rsquo;ouverture de son quatri\u00e8me point de vente, pr\u00e9cis\u00e9ment dans le quartier de Ribeira, l&rsquo;un des plus embl\u00e9matiques et dynamiques de Porto.<\/p>\n<\/div><\/div>[vc_single_image image=\u00a0\u00bb2821&Prime; img_size=\u00a0\u00bb358px\u00a0\u00bb alignment=\u00a0\u00bbcenter\u00a0\u00bb css=\u00a0\u00bb\u00a0\u00bb el_class=\u00a0\u00bbsingle-container-timeline\u00a0\u00bb]<\/div><\/div><\/div><\/div><\/div><\/div><\/div><\/div><\/div><\/section>\n","protected":false},"excerpt":{"rendered":"Niv\u00e0 Une histoire de famille, de passion et de go\u00fbt Chez Niv\u00e0, la glace est bien plus qu&rsquo;un simple dessert\u00a0: c&rsquo;est un art, une histoire racont\u00e9e \u00e0 travers des ingr\u00e9dients authentiques, des gestes pr\u00e9cis et une v\u00e9ritable passion. Nous croyons en l&rsquo;excellence artisanale, fruit du souci du d\u00e9tail, d&rsquo;une s\u00e9lection rigoureuse des mati\u00e8res premi\u00e8res et...","protected":false},"author":3,"featured_media":3933,"parent":0,"menu_order":0,"comment_status":"closed","ping_status":"closed","template":"","meta":{"_acf_changed":false,"footnotes":""},"class_list":["post-1300","page","type-page","status-publish","has-post-thumbnail","hentry"],"acf":[],"yoast_head":"<!-- This site is optimized with the Yoast SEO plugin v27.4 - https:\/\/yoast.com\/product\/yoast-seo-wordpress\/ -->\n<title>Une histoire de famille, de passion et de glace artisanale - Niv\u00e0<\/title>\n<meta name=\"description\" content=\"D\u00e9couvrez l\u2019histoire de Niv\u00e0: une famille, l\u2019amour pour la glace artisanale et le d\u00e9sir d\u2019apporter l\u2019excellence \u00e0 chaque exp\u00e9rience gustative.\" \/>\n<meta name=\"robots\" content=\"index, follow, max-snippet:-1, max-image-preview:large, max-video-preview:-1\" \/>\n<link rel=\"canonical\" href=\"https:\/\/www.nivagelato.com\/fr\/storia\/\" \/>\n<meta property=\"og:locale\" content=\"fr_FR\" \/>\n<meta property=\"og:type\" content=\"article\" \/>\n<meta property=\"og:title\" content=\"Une histoire de famille, de passion et de glace artisanale - Niv\u00e0\" \/>\n<meta property=\"og:description\" content=\"D\u00e9couvrez l\u2019histoire de Niv\u00e0: une famille, l\u2019amour pour la glace artisanale et le d\u00e9sir d\u2019apporter l\u2019excellence \u00e0 chaque exp\u00e9rience gustative.\" \/>\n<meta property=\"og:url\" content=\"https:\/\/www.nivagelato.com\/fr\/storia\/\" \/>\n<meta property=\"og:site_name\" content=\"Niv\u00e0\" \/>\n<meta property=\"article:modified_time\" content=\"2025-12-02T14:08:32+00:00\" \/>\n<meta property=\"og:image\" content=\"https:\/\/www.nivagelato.com\/wp-content\/uploads\/2025\/06\/nocciole-niva-gelato.jpg\" \/>\n\t<meta property=\"og:image:width\" content=\"1080\" \/>\n\t<meta property=\"og:image:height\" content=\"799\" \/>\n\t<meta property=\"og:image:type\" content=\"image\/jpeg\" \/>\n<meta name=\"twitter:card\" content=\"summary_large_image\" \/>\n<meta name=\"twitter:label1\" content=\"Dur\u00e9e de lecture estim\u00e9e\" \/>\n\t<meta name=\"twitter:data1\" content=\"8 minutes\" \/>\n<script type=\"application\/ld+json\" class=\"yoast-schema-graph\">{\"@context\":\"https:\\\/\\\/schema.org\",\"@graph\":[{\"@type\":\"WebPage\",\"@id\":\"https:\\\/\\\/www.nivagelato.com\\\/fr\\\/storia\\\/\",\"url\":\"https:\\\/\\\/www.nivagelato.com\\\/fr\\\/storia\\\/\",\"name\":\"Une histoire de famille, de passion et de glace artisanale - Niv\u00e0\",\"isPartOf\":{\"@id\":\"https:\\\/\\\/www.nivagelato.com\\\/fr\\\/#website\"},\"primaryImageOfPage\":{\"@id\":\"https:\\\/\\\/www.nivagelato.com\\\/fr\\\/storia\\\/#primaryimage\"},\"image\":{\"@id\":\"https:\\\/\\\/www.nivagelato.com\\\/fr\\\/storia\\\/#primaryimage\"},\"thumbnailUrl\":\"https:\\\/\\\/www.nivagelato.com\\\/wp-content\\\/uploads\\\/2025\\\/06\\\/nocciole-niva-gelato.jpg\",\"datePublished\":\"2025-05-14T10:40:23+00:00\",\"dateModified\":\"2025-12-02T14:08:32+00:00\",\"description\":\"D\u00e9couvrez l\u2019histoire de Niv\u00e0: une famille, l\u2019amour pour la glace artisanale et le d\u00e9sir d\u2019apporter l\u2019excellence \u00e0 chaque exp\u00e9rience gustative.\",\"breadcrumb\":{\"@id\":\"https:\\\/\\\/www.nivagelato.com\\\/fr\\\/storia\\\/#breadcrumb\"},\"inLanguage\":\"fr-FR\",\"potentialAction\":[{\"@type\":\"ReadAction\",\"target\":[\"https:\\\/\\\/www.nivagelato.com\\\/fr\\\/storia\\\/\"]}]},{\"@type\":\"ImageObject\",\"inLanguage\":\"fr-FR\",\"@id\":\"https:\\\/\\\/www.nivagelato.com\\\/fr\\\/storia\\\/#primaryimage\",\"url\":\"https:\\\/\\\/www.nivagelato.com\\\/wp-content\\\/uploads\\\/2025\\\/06\\\/nocciole-niva-gelato.jpg\",\"contentUrl\":\"https:\\\/\\\/www.nivagelato.com\\\/wp-content\\\/uploads\\\/2025\\\/06\\\/nocciole-niva-gelato.jpg\",\"width\":1080,\"height\":799},{\"@type\":\"BreadcrumbList\",\"@id\":\"https:\\\/\\\/www.nivagelato.com\\\/fr\\\/storia\\\/#breadcrumb\",\"itemListElement\":[{\"@type\":\"ListItem\",\"position\":1,\"name\":\"Home\",\"item\":\"https:\\\/\\\/www.nivagelato.com\\\/fr\\\/\"},{\"@type\":\"ListItem\",\"position\":2,\"name\":\"Histoire\"}]},{\"@type\":\"WebSite\",\"@id\":\"https:\\\/\\\/www.nivagelato.com\\\/fr\\\/#website\",\"url\":\"https:\\\/\\\/www.nivagelato.com\\\/fr\\\/\",\"name\":\"Niv\u00e0\",\"description\":\"Viva Niv\u00e0\",\"potentialAction\":[{\"@type\":\"SearchAction\",\"target\":{\"@type\":\"EntryPoint\",\"urlTemplate\":\"https:\\\/\\\/www.nivagelato.com\\\/fr\\\/?s={search_term_string}\"},\"query-input\":{\"@type\":\"PropertyValueSpecification\",\"valueRequired\":true,\"valueName\":\"search_term_string\"}}],\"inLanguage\":\"fr-FR\"}]}<\/script>\n<!-- \/ Yoast SEO plugin. -->","yoast_head_json":{"title":"Une histoire de famille, de passion et de glace artisanale - Niv\u00e0","description":"D\u00e9couvrez l\u2019histoire de Niv\u00e0: une famille, l\u2019amour pour la glace artisanale et le d\u00e9sir d\u2019apporter l\u2019excellence \u00e0 chaque exp\u00e9rience gustative.","robots":{"index":"index","follow":"follow","max-snippet":"max-snippet:-1","max-image-preview":"max-image-preview:large","max-video-preview":"max-video-preview:-1"},"canonical":"https:\/\/www.nivagelato.com\/fr\/storia\/","og_locale":"fr_FR","og_type":"article","og_title":"Une histoire de famille, de passion et de glace artisanale - Niv\u00e0","og_description":"D\u00e9couvrez l\u2019histoire de Niv\u00e0: une famille, l\u2019amour pour la glace artisanale et le d\u00e9sir d\u2019apporter l\u2019excellence \u00e0 chaque exp\u00e9rience gustative.","og_url":"https:\/\/www.nivagelato.com\/fr\/storia\/","og_site_name":"Niv\u00e0","article_modified_time":"2025-12-02T14:08:32+00:00","og_image":[{"width":1080,"height":799,"url":"https:\/\/www.nivagelato.com\/wp-content\/uploads\/2025\/06\/nocciole-niva-gelato.jpg","type":"image\/jpeg"}],"twitter_card":"summary_large_image","twitter_misc":{"Dur\u00e9e de lecture estim\u00e9e":"8 minutes"},"schema":{"@context":"https:\/\/schema.org","@graph":[{"@type":"WebPage","@id":"https:\/\/www.nivagelato.com\/fr\/storia\/","url":"https:\/\/www.nivagelato.com\/fr\/storia\/","name":"Une histoire de famille, de passion et de glace artisanale - Niv\u00e0","isPartOf":{"@id":"https:\/\/www.nivagelato.com\/fr\/#website"},"primaryImageOfPage":{"@id":"https:\/\/www.nivagelato.com\/fr\/storia\/#primaryimage"},"image":{"@id":"https:\/\/www.nivagelato.com\/fr\/storia\/#primaryimage"},"thumbnailUrl":"https:\/\/www.nivagelato.com\/wp-content\/uploads\/2025\/06\/nocciole-niva-gelato.jpg","datePublished":"2025-05-14T10:40:23+00:00","dateModified":"2025-12-02T14:08:32+00:00","description":"D\u00e9couvrez l\u2019histoire de Niv\u00e0: une famille, l\u2019amour pour la glace artisanale et le d\u00e9sir d\u2019apporter l\u2019excellence \u00e0 chaque exp\u00e9rience gustative.","breadcrumb":{"@id":"https:\/\/www.nivagelato.com\/fr\/storia\/#breadcrumb"},"inLanguage":"fr-FR","potentialAction":[{"@type":"ReadAction","target":["https:\/\/www.nivagelato.com\/fr\/storia\/"]}]},{"@type":"ImageObject","inLanguage":"fr-FR","@id":"https:\/\/www.nivagelato.com\/fr\/storia\/#primaryimage","url":"https:\/\/www.nivagelato.com\/wp-content\/uploads\/2025\/06\/nocciole-niva-gelato.jpg","contentUrl":"https:\/\/www.nivagelato.com\/wp-content\/uploads\/2025\/06\/nocciole-niva-gelato.jpg","width":1080,"height":799},{"@type":"BreadcrumbList","@id":"https:\/\/www.nivagelato.com\/fr\/storia\/#breadcrumb","itemListElement":[{"@type":"ListItem","position":1,"name":"Home","item":"https:\/\/www.nivagelato.com\/fr\/"},{"@type":"ListItem","position":2,"name":"Histoire"}]},{"@type":"WebSite","@id":"https:\/\/www.nivagelato.com\/fr\/#website","url":"https:\/\/www.nivagelato.com\/fr\/","name":"Niv\u00e0","description":"Viva Niv\u00e0","potentialAction":[{"@type":"SearchAction","target":{"@type":"EntryPoint","urlTemplate":"https:\/\/www.nivagelato.com\/fr\/?s={search_term_string}"},"query-input":{"@type":"PropertyValueSpecification","valueRequired":true,"valueName":"search_term_string"}}],"inLanguage":"fr-FR"}]}},"_links":{"self":[{"href":"https:\/\/www.nivagelato.com\/fr\/wp-json\/wp\/v2\/pages\/1300","targetHints":{"allow":["GET"]}}],"collection":[{"href":"https:\/\/www.nivagelato.com\/fr\/wp-json\/wp\/v2\/pages"}],"about":[{"href":"https:\/\/www.nivagelato.com\/fr\/wp-json\/wp\/v2\/types\/page"}],"author":[{"embeddable":true,"href":"https:\/\/www.nivagelato.com\/fr\/wp-json\/wp\/v2\/users\/3"}],"replies":[{"embeddable":true,"href":"https:\/\/www.nivagelato.com\/fr\/wp-json\/wp\/v2\/comments?post=1300"}],"version-history":[{"count":32,"href":"https:\/\/www.nivagelato.com\/fr\/wp-json\/wp\/v2\/pages\/1300\/revisions"}],"predecessor-version":[{"id":3636,"href":"https:\/\/www.nivagelato.com\/fr\/wp-json\/wp\/v2\/pages\/1300\/revisions\/3636"}],"wp:featuredmedia":[{"embeddable":true,"href":"https:\/\/www.nivagelato.com\/fr\/wp-json\/wp\/v2\/media\/3933"}],"wp:attachment":[{"href":"https:\/\/www.nivagelato.com\/fr\/wp-json\/wp\/v2\/media?parent=1300"}],"curies":[{"name":"wp","href":"https:\/\/api.w.org\/{rel}","templated":true}]}}